{"version":"1.0","provider_name":"Dementsuse Kompetentsikeskus","provider_url":"https:\/\/dementsus.ee\/en\/","title":"Covid-19 kiirendab kognitiivsete v\u00f5imete langust - Dementsuse Kompetentsikeskus","type":"rich","width":600,"height":338,"html":"<blockquote class=\"wp-embedded-content\" data-secret=\"JTzim0Q6q7\"><a href=\"https:\/\/dementsus.ee\/en\/covid-19-kiirendab-kognitiivsete-voimete-langust\/\">Covid-19 kiirendab kognitiivsete v\u00f5imete langust<\/a><\/blockquote><iframe sandbox=\"allow-scripts\" security=\"restricted\" src=\"https:\/\/dementsus.ee\/en\/covid-19-kiirendab-kognitiivsete-voimete-langust\/embed\/#?secret=JTzim0Q6q7\" width=\"600\" height=\"338\" title=\"&#8220;Covid-19 kiirendab kognitiivsete v\u00f5imete langust&#8221; &#8212; Dementsuse Kompetentsikeskus\" data-secret=\"JTzim0Q6q7\" frameborder=\"0\" marginwidth=\"0\" marginheight=\"0\" scrolling=\"no\" class=\"wp-embedded-content\"><\/iframe><script>\n\/*! This file is auto-generated *\/\n!function(d,l){\"use strict\";l.querySelector&&d.addEventListener&&\"undefined\"!=typeof URL&&(d.wp=d.wp||{},d.wp.receiveEmbedMessage||(d.wp.receiveEmbedMessage=function(e){var t=e.data;if((t||t.secret||t.message||t.value)&&!\/[^a-zA-Z0-9]\/.test(t.secret)){for(var s,r,n,a=l.querySelectorAll('iframe[data-secret=\"'+t.secret+'\"]'),o=l.querySelectorAll('blockquote[data-secret=\"'+t.secret+'\"]'),c=new RegExp(\"^https?:$\",\"i\"),i=0;i<o.length;i++)o[i].style.display=\"none\";for(i=0;i<a.length;i++)s=a[i],e.source===s.contentWindow&&(s.removeAttribute(\"style\"),\"height\"===t.message?(1e3<(r=parseInt(t.value,10))?r=1e3:~~r<200&&(r=200),s.height=r):\"link\"===t.message&&(r=new URL(s.getAttribute(\"src\")),n=new URL(t.value),c.test(n.protocol))&&n.host===r.host&&l.activeElement===s&&(d.top.location.href=t.value))}},d.addEventListener(\"message\",d.wp.receiveEmbedMessage,!1),l.addEventListener(\"DOMContentLoaded\",function(){for(var e,t,s=l.querySelectorAll(\"iframe.wp-embedded-content\"),r=0;r<s.length;r++)(t=(e=s[r]).getAttribute(\"data-secret\"))||(t=Math.random().toString(36).substring(2,12),e.src+=\"#?secret=\"+t,e.setAttribute(\"data-secret\",t)),e.contentWindow.postMessage({message:\"ready\",secret:t},\"*\")},!1)))}(window,document);\n\/\/# sourceURL=https:\/\/dementsus.ee\/wp-includes\/js\/wp-embed.min.js\n<\/script>\n","description":"Mai l\u00f5pus tutvustas \u00fclemaailmne dementsuss\u00fcndroomiga inimeste ja nende l\u00e4hedaste huve esindav organisatsioon Alzheimer\u00b4s Disease International aruannet \u201ePlaneerimisest m\u00f5jude avaldumiseni\u201c( From Plan to Impact). Neljas samateemaline aruanne anal\u00fc\u00fcsib Maailma Terviseorganisatsiooni (edaspidi WHO) poolt eesm\u00e4rgistatud dementsuse tegevusplaani 2017-2025 t\u00e4itmise hetkeseisu ning toob v\u00e4lja Covid-19 pandeemia m\u00f5ju dementsusele. WHO maailma tegevusplaani kohaselt peab aastaks 2025 olema 146-s riigis [&hellip;]"}