{"version":"1.0","provider_name":"Dementsuse Kompetentsikeskus","provider_url":"https:\/\/dementsus.ee\/en\/","title":"\u00dclevaade suvekuudel toimuvast - Dementsuse Kompetentsikeskus","type":"rich","width":600,"height":338,"html":"<blockquote class=\"wp-embedded-content\" data-secret=\"72h075m286\"><a href=\"https:\/\/dementsus.ee\/en\/ulevaade-suvekuudel-toimuvast\/\">\u00dclevaade suvekuudel toimuvast<\/a><\/blockquote><iframe sandbox=\"allow-scripts\" security=\"restricted\" src=\"https:\/\/dementsus.ee\/en\/ulevaade-suvekuudel-toimuvast\/embed\/#?secret=72h075m286\" width=\"600\" height=\"338\" title=\"&#8220;\u00dclevaade suvekuudel toimuvast&#8221; &#8212; Dementsuse Kompetentsikeskus\" data-secret=\"72h075m286\" frameborder=\"0\" marginwidth=\"0\" marginheight=\"0\" scrolling=\"no\" class=\"wp-embedded-content\"><\/iframe><script>\n\/*! This file is auto-generated *\/\n!function(d,l){\"use strict\";l.querySelector&&d.addEventListener&&\"undefined\"!=typeof URL&&(d.wp=d.wp||{},d.wp.receiveEmbedMessage||(d.wp.receiveEmbedMessage=function(e){var t=e.data;if((t||t.secret||t.message||t.value)&&!\/[^a-zA-Z0-9]\/.test(t.secret)){for(var s,r,n,a=l.querySelectorAll('iframe[data-secret=\"'+t.secret+'\"]'),o=l.querySelectorAll('blockquote[data-secret=\"'+t.secret+'\"]'),c=new RegExp(\"^https?:$\",\"i\"),i=0;i<o.length;i++)o[i].style.display=\"none\";for(i=0;i<a.length;i++)s=a[i],e.source===s.contentWindow&&(s.removeAttribute(\"style\"),\"height\"===t.message?(1e3<(r=parseInt(t.value,10))?r=1e3:~~r<200&&(r=200),s.height=r):\"link\"===t.message&&(r=new URL(s.getAttribute(\"src\")),n=new URL(t.value),c.test(n.protocol))&&n.host===r.host&&l.activeElement===s&&(d.top.location.href=t.value))}},d.addEventListener(\"message\",d.wp.receiveEmbedMessage,!1),l.addEventListener(\"DOMContentLoaded\",function(){for(var e,t,s=l.querySelectorAll(\"iframe.wp-embedded-content\"),r=0;r<s.length;r++)(t=(e=s[r]).getAttribute(\"data-secret\"))||(t=Math.random().toString(36).substring(2,12),e.src+=\"#?secret=\"+t,e.setAttribute(\"data-secret\",t)),e.contentWindow.postMessage({message:\"ready\",secret:t},\"*\")},!1)))}(window,document);\n\/\/# sourceURL=https:\/\/dementsus.ee\/wp-includes\/js\/wp-embed.min.js\n<\/script>\n","thumbnail_url":"https:\/\/dementsus.ee\/wp-content\/uploads\/2024\/05\/Flower-quotes.png","thumbnail_width":1080,"thumbnail_height":1080,"description":"V\u00e4ljas on juba suviselt soe ilm, kuid t\u00f6\u00f6 dementsusega inimeste, nende pereliikmete ja ka spetsialistidega j\u00e4tkub t\u00e4ie hooga. Juunikuus toimuvad mitmel pool \u00fcle Eesti dementsusega inimeste l\u00e4hedaste tugigrupid, toimuvad m\u00e4lukohvikud, j\u00e4tkuvad personaalsed ning ekspertn\u00f5ustamised. M\u00f5ned n\u00e4ited suvel toimuvatest \u00fcritustest. M\u00e4lukohvik (Memory Cafe) on alguse saanud Inglismaalt, kus pakutakse koosk\u00e4imise v\u00f5imalust m\u00e4luh\u00e4iretega inimestele ja nende peredele. [&hellip;]"}