{"version":"1.0","provider_name":"Dementsuse Kompetentsikeskus","provider_url":"https:\/\/dementsus.ee\/ru\/","title":"Ajakirjal Sotsiaalt\u00f6\u00f6 valmis dementsuseteemaline erinumber - Dementsuse Kompetentsikeskus","type":"rich","width":600,"height":338,"html":"<blockquote class=\"wp-embedded-content\" data-secret=\"aETxUvs3tg\"><a href=\"https:\/\/dementsus.ee\/ru\/ajakirjal-sotsiaaltoo-valmis-dementsuseteemaline-erinumber\/\">Ajakirjal Sotsiaalt\u00f6\u00f6 valmis dementsuseteemaline erinumber<\/a><\/blockquote><iframe sandbox=\"allow-scripts\" security=\"restricted\" src=\"https:\/\/dementsus.ee\/ru\/ajakirjal-sotsiaaltoo-valmis-dementsuseteemaline-erinumber\/embed\/#?secret=aETxUvs3tg\" width=\"600\" height=\"338\" title=\"\u00abAjakirjal Sotsiaalt\u00f6\u00f6 valmis dementsuseteemaline erinumber\u00bb &#8212; Dementsuse Kompetentsikeskus\" data-secret=\"aETxUvs3tg\" frameborder=\"0\" marginwidth=\"0\" marginheight=\"0\" scrolling=\"no\" class=\"wp-embedded-content\"><\/iframe><script>\n\/*! This file is auto-generated *\/\n!function(d,l){\"use strict\";l.querySelector&&d.addEventListener&&\"undefined\"!=typeof URL&&(d.wp=d.wp||{},d.wp.receiveEmbedMessage||(d.wp.receiveEmbedMessage=function(e){var t=e.data;if((t||t.secret||t.message||t.value)&&!\/[^a-zA-Z0-9]\/.test(t.secret)){for(var s,r,n,a=l.querySelectorAll('iframe[data-secret=\"'+t.secret+'\"]'),o=l.querySelectorAll('blockquote[data-secret=\"'+t.secret+'\"]'),c=new RegExp(\"^https?:$\",\"i\"),i=0;i<o.length;i++)o[i].style.display=\"none\";for(i=0;i<a.length;i++)s=a[i],e.source===s.contentWindow&&(s.removeAttribute(\"style\"),\"height\"===t.message?(1e3<(r=parseInt(t.value,10))?r=1e3:~~r<200&&(r=200),s.height=r):\"link\"===t.message&&(r=new URL(s.getAttribute(\"src\")),n=new URL(t.value),c.test(n.protocol))&&n.host===r.host&&l.activeElement===s&&(d.top.location.href=t.value))}},d.addEventListener(\"message\",d.wp.receiveEmbedMessage,!1),l.addEventListener(\"DOMContentLoaded\",function(){for(var e,t,s=l.querySelectorAll(\"iframe.wp-embedded-content\"),r=0;r<s.length;r++)(t=(e=s[r]).getAttribute(\"data-secret\"))||(t=Math.random().toString(36).substring(2,12),e.src+=\"#?secret=\"+t,e.setAttribute(\"data-secret\",t)),e.contentWindow.postMessage({message:\"ready\",secret:t},\"*\")},!1)))}(window,document);\n\/\/# sourceURL=https:\/\/dementsus.ee\/wp-includes\/js\/wp-embed.min.js\n<\/script>\n","thumbnail_url":"https:\/\/dementsus.ee\/wp-content\/uploads\/2024\/10\/3-24-tutvustus.png","thumbnail_width":1760,"thumbnail_height":800,"description":"Ajakirjal Sotsiaalt\u00f6\u00f6 valmis dementsuseteemaline erinumber Ajakirja septembrinumber (3\/2024) pakub toetavat lugemist dementsusega inimestega t\u00f6\u00f6tavatele spetsialistidele. K\u00e4sitletakse ka abistajate enesehoiu ja -juhtimisv\u00f5imalusi, t\u00f6\u00f6tajate toetamist ning t\u00f6\u00f6kohap\u00f5hist \u00f5pet. Numbrile on kirjutanud eess\u00f5na Benita kodu juhatuse liige Marilin Vaksman. Persoonirubriigis on meeleolukas reportaa\u017e Pihlakodu hooldust\u00f6\u00f6tajate, elukaaslaste Enn Oti ja Marge Sumre igap\u00e4evat\u00f6\u00f6st. Korraldus, huvikaitse Sotsiaalministeeriumi spetsialistid annavad \u00fclevaate, [&hellip;]"}