{"version":"1.0","provider_name":"Dementsuse Kompetentsikeskus","provider_url":"https:\/\/dementsus.ee\/ru\/","title":"P\u00f5lvas alustas t\u00f6\u00f6d dementsusega inimeste l\u00e4hedastele m\u00f5eldud tugigrupp - Dementsuse Kompetentsikeskus","type":"rich","width":600,"height":338,"html":"<blockquote class=\"wp-embedded-content\" data-secret=\"Dwhns0XUvt\"><a href=\"https:\/\/dementsus.ee\/ru\/polvas-alustas-tood-dementsusega-inimeste-lahedastele-moeldud-tugigrupp\/\">P\u00f5lvas alustas t\u00f6\u00f6d dementsusega inimeste l\u00e4hedastele m\u00f5eldud tugigrupp<\/a><\/blockquote><iframe sandbox=\"allow-scripts\" security=\"restricted\" src=\"https:\/\/dementsus.ee\/ru\/polvas-alustas-tood-dementsusega-inimeste-lahedastele-moeldud-tugigrupp\/embed\/#?secret=Dwhns0XUvt\" width=\"600\" height=\"338\" title=\"\u00abP\u00f5lvas alustas t\u00f6\u00f6d dementsusega inimeste l\u00e4hedastele m\u00f5eldud tugigrupp\u00bb &#8212; Dementsuse Kompetentsikeskus\" data-secret=\"Dwhns0XUvt\" frameborder=\"0\" marginwidth=\"0\" marginheight=\"0\" scrolling=\"no\" class=\"wp-embedded-content\"><\/iframe><script>\n\/*! This file is auto-generated *\/\n!function(d,l){\"use strict\";l.querySelector&&d.addEventListener&&\"undefined\"!=typeof URL&&(d.wp=d.wp||{},d.wp.receiveEmbedMessage||(d.wp.receiveEmbedMessage=function(e){var t=e.data;if((t||t.secret||t.message||t.value)&&!\/[^a-zA-Z0-9]\/.test(t.secret)){for(var s,r,n,a=l.querySelectorAll('iframe[data-secret=\"'+t.secret+'\"]'),o=l.querySelectorAll('blockquote[data-secret=\"'+t.secret+'\"]'),c=new RegExp(\"^https?:$\",\"i\"),i=0;i<o.length;i++)o[i].style.display=\"none\";for(i=0;i<a.length;i++)s=a[i],e.source===s.contentWindow&&(s.removeAttribute(\"style\"),\"height\"===t.message?(1e3<(r=parseInt(t.value,10))?r=1e3:~~r<200&&(r=200),s.height=r):\"link\"===t.message&&(r=new URL(s.getAttribute(\"src\")),n=new URL(t.value),c.test(n.protocol))&&n.host===r.host&&l.activeElement===s&&(d.top.location.href=t.value))}},d.addEventListener(\"message\",d.wp.receiveEmbedMessage,!1),l.addEventListener(\"DOMContentLoaded\",function(){for(var e,t,s=l.querySelectorAll(\"iframe.wp-embedded-content\"),r=0;r<s.length;r++)(t=(e=s[r]).getAttribute(\"data-secret\"))||(t=Math.random().toString(36).substring(2,12),e.src+=\"#?secret=\"+t,e.setAttribute(\"data-secret\",t)),e.contentWindow.postMessage({message:\"ready\",secret:t},\"*\")},!1)))}(window,document);\n\/\/# sourceURL=https:\/\/dementsus.ee\/wp-includes\/js\/wp-embed.min.js\n<\/script>\n","description":"Kui me 14. septembril P\u00f5lva P\u00e4evakeskuse uksest sisenesime, siis v\u00f5ttis meid vastu pirukate l\u00f5hn. Nagu oleks maale vanaema juurde j\u00f5udnud! Kuid P\u00f5lvas ei k\u00e4inud me niisama k\u00fclas, vaid ikka inimestega suhtlemas. Sellele p\u00e4evale oli planeeritud esimene dementsusega inimeste l\u00e4hedaste tugigrupp P\u00f5lvas ja enne tugigrupi kohtumist ka k\u00f5ikidele huvilistele m\u00f5eldud seminar. Kohale olid tulnud nii l\u00e4hedased, [&hellip;]","thumbnail_url":"https:\/\/eludementsusega.ee\/app\/uploads\/2021\/10\/TG_Polva_seminar-300x225.jpg"}