{"version":"1.0","provider_name":"Dementsuse Kompetentsikeskus","provider_url":"https:\/\/dementsus.ee\/ru\/","title":"Virtuaalsed tugigrupid on hetkeolukorras v\u00e4ga v\u00e4\u00e4rtuslikud - Dementsuse Kompetentsikeskus","type":"rich","width":600,"height":338,"html":"<blockquote class=\"wp-embedded-content\" data-secret=\"yoHOdAejES\"><a href=\"https:\/\/dementsus.ee\/ru\/virtuaalsed-tugigrupid-on-hetkeolukorras-vaga-vaartuslikud\/\">Virtuaalsed tugigrupid on hetkeolukorras v\u00e4ga v\u00e4\u00e4rtuslikud<\/a><\/blockquote><iframe sandbox=\"allow-scripts\" security=\"restricted\" src=\"https:\/\/dementsus.ee\/ru\/virtuaalsed-tugigrupid-on-hetkeolukorras-vaga-vaartuslikud\/embed\/#?secret=yoHOdAejES\" width=\"600\" height=\"338\" title=\"\u00abVirtuaalsed tugigrupid on hetkeolukorras v\u00e4ga v\u00e4\u00e4rtuslikud\u00bb &#8212; Dementsuse Kompetentsikeskus\" data-secret=\"yoHOdAejES\" frameborder=\"0\" marginwidth=\"0\" marginheight=\"0\" scrolling=\"no\" class=\"wp-embedded-content\"><\/iframe><script>\n\/*! This file is auto-generated *\/\n!function(d,l){\"use strict\";l.querySelector&&d.addEventListener&&\"undefined\"!=typeof URL&&(d.wp=d.wp||{},d.wp.receiveEmbedMessage||(d.wp.receiveEmbedMessage=function(e){var t=e.data;if((t||t.secret||t.message||t.value)&&!\/[^a-zA-Z0-9]\/.test(t.secret)){for(var s,r,n,a=l.querySelectorAll('iframe[data-secret=\"'+t.secret+'\"]'),o=l.querySelectorAll('blockquote[data-secret=\"'+t.secret+'\"]'),c=new RegExp(\"^https?:$\",\"i\"),i=0;i<o.length;i++)o[i].style.display=\"none\";for(i=0;i<a.length;i++)s=a[i],e.source===s.contentWindow&&(s.removeAttribute(\"style\"),\"height\"===t.message?(1e3<(r=parseInt(t.value,10))?r=1e3:~~r<200&&(r=200),s.height=r):\"link\"===t.message&&(r=new URL(s.getAttribute(\"src\")),n=new URL(t.value),c.test(n.protocol))&&n.host===r.host&&l.activeElement===s&&(d.top.location.href=t.value))}},d.addEventListener(\"message\",d.wp.receiveEmbedMessage,!1),l.addEventListener(\"DOMContentLoaded\",function(){for(var e,t,s=l.querySelectorAll(\"iframe.wp-embedded-content\"),r=0;r<s.length;r++)(t=(e=s[r]).getAttribute(\"data-secret\"))||(t=Math.random().toString(36).substring(2,12),e.src+=\"#?secret=\"+t,e.setAttribute(\"data-secret\",t)),e.contentWindow.postMessage({message:\"ready\",secret:t},\"*\")},!1)))}(window,document);\n\/\/# sourceURL=https:\/\/dementsus.ee\/wp-includes\/js\/wp-embed.min.js\n<\/script>\n","thumbnail_url":"https:\/\/dementsus.ee\/wp-content\/uploads\/2019\/10\/uus_logo_ED_fb-profile_600px.png","thumbnail_width":600,"thumbnail_height":600,"description":"MT\u00dc Elu Dementsusega koost\u00f6\u00f6s Dementsuse Kompetentsikeskusega on kolme aastaga k\u00e4ima l\u00fckanud 20 dementsusega inimeste l\u00e4hedaste tugigruppi \u00fcle Eesti. \u00a0M\u00e4rtsis alanud eriolukorra t\u00f5ttu oli m\u00f5istlik loobuda ka tugigruppide kohtumistest, et \u00e4ra hoida COVID-19 viirusesse nakatumist. Kriisist tulenevalt toimub inimeste suhtlemine rohkem telefoni ja virtuaalsete suhtluskeskkondade kaudu. Aprilli teisel n\u00e4dalal algatasime uue ja p\u00f5neva dementsusega inimeste l\u00e4hedastele [&hellip;]"}